{"id":36933,"date":"2025-08-04T16:22:48","date_gmt":"2025-08-04T21:22:48","guid":{"rendered":"https:\/\/inmaya.qroo.gob.mx\/?page_id=36933"},"modified":"2025-10-03T16:40:33","modified_gmt":"2025-10-03T21:40:33","slug":"convocatoria","status":"publish","type":"page","link":"https:\/\/inmaya.qroo.gob.mx\/index.php\/convocatoria\/","title":{"rendered":"Convocatoria"},"content":{"rendered":"\t\t<div data-elementor-type=\"wp-page\" data-elementor-id=\"36933\" class=\"elementor elementor-36933\">\n\t\t\t\t<div class=\"elementor-element elementor-element-402de7e e-flex e-con-boxed e-con e-parent\" data-id=\"402de7e\" data-element_type=\"container\">\n\t\t\t\t\t<div class=\"e-con-inner\">\n\t\t\t\t<div class=\"elementor-element elementor-element-c87d6f3 elementor-widget elementor-widget-heading\" data-id=\"c87d6f3\" data-element_type=\"widget\" data-widget_type=\"heading.default\">\n\t\t\t\t<div class=\"elementor-widget-container\">\n\t\t\t\t\t<h2 class=\"elementor-heading-title elementor-size-default\">Convocatoria | Concurso de Poes\u00eda en Conmemoraci\u00f3n al D\u00eda Nacional de la Ni\u00f1a Ind\u00edgena y Afromexicana<\/h2>\t\t\t\t<\/div>\n\t\t\t\t<\/div>\n\t\t\t\t<div class=\"elementor-element elementor-element-fa51ee6 elementor-widget elementor-widget-image\" data-id=\"fa51ee6\" data-element_type=\"widget\" data-widget_type=\"image.default\">\n\t\t\t\t<div class=\"elementor-widget-container\">\n\t\t\t\t\t\t\t\t\t\t\t\t\t\t\t<img fetchpriority=\"high\" decoding=\"async\" width=\"300\" height=\"200\" src=\"https:\/\/inmaya.qroo.gob.mx\/wp-content\/uploads\/2025\/09\/IMG-300x200.png\" class=\"attachment-medium size-medium wp-image-37042\" alt=\"\" srcset=\"https:\/\/inmaya.qroo.gob.mx\/wp-content\/uploads\/2025\/09\/IMG-300x200.png 300w, https:\/\/inmaya.qroo.gob.mx\/wp-content\/uploads\/2025\/09\/IMG-1024x683.png 1024w, https:\/\/inmaya.qroo.gob.mx\/wp-content\/uploads\/2025\/09\/IMG-768x512.png 768w, https:\/\/inmaya.qroo.gob.mx\/wp-content\/uploads\/2025\/09\/IMG.png 1248w\" sizes=\"(max-width: 300px) 100vw, 300px\" \/>\t\t\t\t\t\t\t\t\t\t\t\t\t\t\t<\/div>\n\t\t\t\t<\/div>\n\t\t\t\t\t<\/div>\n\t\t\t\t<\/div>\n\t\t<div class=\"elementor-element elementor-element-6a40353 e-flex e-con-boxed e-con e-parent\" data-id=\"6a40353\" data-element_type=\"container\">\n\t\t\t\t\t<div class=\"e-con-inner\">\n\t\t\t\t<div class=\"elementor-element elementor-element-63fc33e elementor-widget-divider--view-line elementor-widget elementor-widget-divider\" data-id=\"63fc33e\" data-element_type=\"widget\" data-widget_type=\"divider.default\">\n\t\t\t\t<div class=\"elementor-widget-container\">\n\t\t\t\t\t\t\t<div class=\"elementor-divider\">\n\t\t\t<span class=\"elementor-divider-separator\">\n\t\t\t\t\t\t<\/span>\n\t\t<\/div>\n\t\t\t\t\t\t<\/div>\n\t\t\t\t<\/div>\n\t\t\t\t\t<\/div>\n\t\t\t\t<\/div>\n\t\t<div class=\"elementor-element elementor-element-52ac30a e-flex e-con-boxed e-con e-parent\" data-id=\"52ac30a\" data-element_type=\"container\">\n\t\t\t\t\t<div class=\"e-con-inner\">\n\t\t\t\t<div class=\"elementor-element elementor-element-c111f3a elementor-button-info elementor-align-justify elementor-widget elementor-widget-button\" data-id=\"c111f3a\" data-element_type=\"widget\" data-widget_type=\"button.default\">\n\t\t\t\t<div class=\"elementor-widget-container\">\n\t\t\t\t\t\t\t\t\t<div class=\"elementor-button-wrapper\">\n\t\t\t\t\t<a class=\"elementor-button elementor-button-link elementor-size-sm elementor-animation-grow\" href=\"https:\/\/inmaya.qroo.gob.mx\/wp-content\/uploads\/2025\/10\/Convocatoria-Dia-Nacional-de-la-Nina-Indigena.pdf\" target=\"_blank\">\n\t\t\t\t\t\t<span class=\"elementor-button-content-wrapper\">\n\t\t\t\t\t\t<span class=\"elementor-button-icon\">\n\t\t\t\t<svg aria-hidden=\"true\" class=\"e-font-icon-svg e-fas-file-pdf\" viewBox=\"0 0 384 512\" xmlns=\"http:\/\/www.w3.org\/2000\/svg\"><path d=\"M181.9 256.1c-5-16-4.9-46.9-2-46.9 8.4 0 7.6 36.9 2 46.9zm-1.7 47.2c-7.7 20.2-17.3 43.3-28.4 62.7 18.3-7 39-17.2 62.9-21.9-12.7-9.6-24.9-23.4-34.5-40.8zM86.1 428.1c0 .8 13.2-5.4 34.9-40.2-6.7 6.3-29.1 24.5-34.9 40.2zM248 160h136v328c0 13.3-10.7 24-24 24H24c-13.3 0-24-10.7-24-24V24C0 10.7 10.7 0 24 0h200v136c0 13.2 10.8 24 24 24zm-8 171.8c-20-12.2-33.3-29-42.7-53.8 4.5-18.5 11.6-46.6 6.2-64.2-4.7-29.4-42.4-26.5-47.8-6.8-5 18.3-.4 44.1 8.1 77-11.6 27.6-28.7 64.6-40.8 85.8-.1 0-.1.1-.2.1-27.1 13.9-73.6 44.5-54.5 68 5.6 6.9 16 10 21.5 10 17.9 0 35.7-18 61.1-61.8 25.8-8.5 54.1-19.1 79-23.2 21.7 11.8 47.1 19.5 64 19.5 29.2 0 31.2-32 19.7-43.4-13.9-13.6-54.3-9.7-73.6-7.2zM377 105L279 7c-4.5-4.5-10.6-7-17-7h-6v128h128v-6.1c0-6.3-2.5-12.4-7-16.9zm-74.1 255.3c4.1-2.7-2.5-11.9-42.8-9 37.1 15.8 42.8 9 42.8 9z\"><\/path><\/svg>\t\t\t<\/span>\n\t\t\t\t\t\t\t\t\t<span class=\"elementor-button-text\">Convocatoria en Espa\u00f1ol<\/span>\n\t\t\t\t\t<\/span>\n\t\t\t\t\t<\/a>\n\t\t\t\t<\/div>\n\t\t\t\t\t\t\t\t<\/div>\n\t\t\t\t<\/div>\n\t\t\t\t<div class=\"elementor-element elementor-element-6fdcf9d elementor-widget elementor-widget-spacer\" data-id=\"6fdcf9d\" data-element_type=\"widget\" data-widget_type=\"spacer.default\">\n\t\t\t\t<div class=\"elementor-widget-container\">\n\t\t\t\t\t\t\t<div class=\"elementor-spacer\">\n\t\t\t<div class=\"elementor-spacer-inner\"><\/div>\n\t\t<\/div>\n\t\t\t\t\t\t<\/div>\n\t\t\t\t<\/div>\n\t\t\t\t\t<\/div>\n\t\t\t\t<\/div>\n\t\t<div class=\"elementor-element elementor-element-8a4f83c e-flex e-con-boxed e-con e-parent\" data-id=\"8a4f83c\" data-element_type=\"container\">\n\t\t\t\t\t<div class=\"e-con-inner\">\n\t\t\t\t<div class=\"elementor-element elementor-element-65e5583 elementor-button-info elementor-align-justify elementor-widget elementor-widget-button\" data-id=\"65e5583\" data-element_type=\"widget\" data-widget_type=\"button.default\">\n\t\t\t\t<div class=\"elementor-widget-container\">\n\t\t\t\t\t\t\t\t\t<div class=\"elementor-button-wrapper\">\n\t\t\t\t\t<a class=\"elementor-button elementor-button-link elementor-size-sm elementor-animation-grow\" href=\"https:\/\/inmaya.qroo.gob.mx\/wp-content\/uploads\/2025\/10\/Maya.pdf\" target=\"_blank\">\n\t\t\t\t\t\t<span class=\"elementor-button-content-wrapper\">\n\t\t\t\t\t\t<span class=\"elementor-button-icon\">\n\t\t\t\t<svg aria-hidden=\"true\" class=\"e-font-icon-svg e-fas-file-pdf\" viewBox=\"0 0 384 512\" xmlns=\"http:\/\/www.w3.org\/2000\/svg\"><path d=\"M181.9 256.1c-5-16-4.9-46.9-2-46.9 8.4 0 7.6 36.9 2 46.9zm-1.7 47.2c-7.7 20.2-17.3 43.3-28.4 62.7 18.3-7 39-17.2 62.9-21.9-12.7-9.6-24.9-23.4-34.5-40.8zM86.1 428.1c0 .8 13.2-5.4 34.9-40.2-6.7 6.3-29.1 24.5-34.9 40.2zM248 160h136v328c0 13.3-10.7 24-24 24H24c-13.3 0-24-10.7-24-24V24C0 10.7 10.7 0 24 0h200v136c0 13.2 10.8 24 24 24zm-8 171.8c-20-12.2-33.3-29-42.7-53.8 4.5-18.5 11.6-46.6 6.2-64.2-4.7-29.4-42.4-26.5-47.8-6.8-5 18.3-.4 44.1 8.1 77-11.6 27.6-28.7 64.6-40.8 85.8-.1 0-.1.1-.2.1-27.1 13.9-73.6 44.5-54.5 68 5.6 6.9 16 10 21.5 10 17.9 0 35.7-18 61.1-61.8 25.8-8.5 54.1-19.1 79-23.2 21.7 11.8 47.1 19.5 64 19.5 29.2 0 31.2-32 19.7-43.4-13.9-13.6-54.3-9.7-73.6-7.2zM377 105L279 7c-4.5-4.5-10.6-7-17-7h-6v128h128v-6.1c0-6.3-2.5-12.4-7-16.9zm-74.1 255.3c4.1-2.7-2.5-11.9-42.8-9 37.1 15.8 42.8 9 42.8 9z\"><\/path><\/svg>\t\t\t<\/span>\n\t\t\t\t\t\t\t\t\t<span class=\"elementor-button-text\">Convocatoria en Maya<\/span>\n\t\t\t\t\t<\/span>\n\t\t\t\t\t<\/a>\n\t\t\t\t<\/div>\n\t\t\t\t\t\t\t\t<\/div>\n\t\t\t\t<\/div>\n\t\t\t\t\t<\/div>\n\t\t\t\t<\/div>\n\t\t<div class=\"elementor-element elementor-element-6348c2a e-flex e-con-boxed e-con e-parent\" data-id=\"6348c2a\" data-element_type=\"container\">\n\t\t\t\t\t<div class=\"e-con-inner\">\n\t\t\t\t<div class=\"elementor-element elementor-element-e271baa elementor-widget elementor-widget-spacer\" data-id=\"e271baa\" data-element_type=\"widget\" data-widget_type=\"spacer.default\">\n\t\t\t\t<div class=\"elementor-widget-container\">\n\t\t\t\t\t\t\t<div class=\"elementor-spacer\">\n\t\t\t<div class=\"elementor-spacer-inner\"><\/div>\n\t\t<\/div>\n\t\t\t\t\t\t<\/div>\n\t\t\t\t<\/div>\n\t\t\t\t<div class=\"elementor-element elementor-element-0abbe97 elementor-widget elementor-widget-heading\" data-id=\"0abbe97\" data-element_type=\"widget\" data-widget_type=\"heading.default\">\n\t\t\t\t<div class=\"elementor-widget-container\">\n\t\t\t\t\t<h2 class=\"elementor-heading-title elementor-size-default\">Aviso de privacidad Integral 2025<\/h2>\t\t\t\t<\/div>\n\t\t\t\t<\/div>\n\t\t\t\t<div class=\"elementor-element elementor-element-266b7eb elementor-widget elementor-widget-spacer\" data-id=\"266b7eb\" data-element_type=\"widget\" data-widget_type=\"spacer.default\">\n\t\t\t\t<div class=\"elementor-widget-container\">\n\t\t\t\t\t\t\t<div class=\"elementor-spacer\">\n\t\t\t<div class=\"elementor-spacer-inner\"><\/div>\n\t\t<\/div>\n\t\t\t\t\t\t<\/div>\n\t\t\t\t<\/div>\n\t\t\t\t<div class=\"elementor-element elementor-element-237b428 elementor-button-info elementor-align-justify elementor-widget elementor-widget-button\" data-id=\"237b428\" data-element_type=\"widget\" data-widget_type=\"button.default\">\n\t\t\t\t<div class=\"elementor-widget-container\">\n\t\t\t\t\t\t\t\t\t<div class=\"elementor-button-wrapper\">\n\t\t\t\t\t<a class=\"elementor-button elementor-button-link elementor-size-sm elementor-animation-grow\" href=\"https:\/\/inmaya.qroo.gob.mx\/wp-content\/uploads\/2025\/09\/Aviso-de-privacidad-Integral-2025-dia-nacional-de-la-nina-indigena-espanol.pdf\" target=\"_blank\">\n\t\t\t\t\t\t<span class=\"elementor-button-content-wrapper\">\n\t\t\t\t\t\t<span class=\"elementor-button-icon\">\n\t\t\t\t<svg aria-hidden=\"true\" class=\"e-font-icon-svg e-fas-file-pdf\" viewBox=\"0 0 384 512\" xmlns=\"http:\/\/www.w3.org\/2000\/svg\"><path d=\"M181.9 256.1c-5-16-4.9-46.9-2-46.9 8.4 0 7.6 36.9 2 46.9zm-1.7 47.2c-7.7 20.2-17.3 43.3-28.4 62.7 18.3-7 39-17.2 62.9-21.9-12.7-9.6-24.9-23.4-34.5-40.8zM86.1 428.1c0 .8 13.2-5.4 34.9-40.2-6.7 6.3-29.1 24.5-34.9 40.2zM248 160h136v328c0 13.3-10.7 24-24 24H24c-13.3 0-24-10.7-24-24V24C0 10.7 10.7 0 24 0h200v136c0 13.2 10.8 24 24 24zm-8 171.8c-20-12.2-33.3-29-42.7-53.8 4.5-18.5 11.6-46.6 6.2-64.2-4.7-29.4-42.4-26.5-47.8-6.8-5 18.3-.4 44.1 8.1 77-11.6 27.6-28.7 64.6-40.8 85.8-.1 0-.1.1-.2.1-27.1 13.9-73.6 44.5-54.5 68 5.6 6.9 16 10 21.5 10 17.9 0 35.7-18 61.1-61.8 25.8-8.5 54.1-19.1 79-23.2 21.7 11.8 47.1 19.5 64 19.5 29.2 0 31.2-32 19.7-43.4-13.9-13.6-54.3-9.7-73.6-7.2zM377 105L279 7c-4.5-4.5-10.6-7-17-7h-6v128h128v-6.1c0-6.3-2.5-12.4-7-16.9zm-74.1 255.3c4.1-2.7-2.5-11.9-42.8-9 37.1 15.8 42.8 9 42.8 9z\"><\/path><\/svg>\t\t\t<\/span>\n\t\t\t\t\t\t\t\t\t<span class=\"elementor-button-text\">Aviso de privacidad Integral 2025 D\u00eda Nacional de la Ni\u00f1a Ind\u00edgena - Espa\u00f1ol<\/span>\n\t\t\t\t\t<\/span>\n\t\t\t\t\t<\/a>\n\t\t\t\t<\/div>\n\t\t\t\t\t\t\t\t<\/div>\n\t\t\t\t<\/div>\n\t\t\t\t<div class=\"elementor-element elementor-element-79e8bd3 elementor-widget elementor-widget-spacer\" data-id=\"79e8bd3\" data-element_type=\"widget\" data-widget_type=\"spacer.default\">\n\t\t\t\t<div class=\"elementor-widget-container\">\n\t\t\t\t\t\t\t<div class=\"elementor-spacer\">\n\t\t\t<div class=\"elementor-spacer-inner\"><\/div>\n\t\t<\/div>\n\t\t\t\t\t\t<\/div>\n\t\t\t\t<\/div>\n\t\t\t\t\t<\/div>\n\t\t\t\t<\/div>\n\t\t<div class=\"elementor-element elementor-element-80b42f4 e-flex e-con-boxed e-con e-parent\" data-id=\"80b42f4\" data-element_type=\"container\">\n\t\t\t\t\t<div class=\"e-con-inner\">\n\t\t\t\t<div class=\"elementor-element elementor-element-19703bd elementor-button-info elementor-align-justify elementor-widget elementor-widget-button\" data-id=\"19703bd\" data-element_type=\"widget\" data-widget_type=\"button.default\">\n\t\t\t\t<div class=\"elementor-widget-container\">\n\t\t\t\t\t\t\t\t\t<div class=\"elementor-button-wrapper\">\n\t\t\t\t\t<a class=\"elementor-button elementor-button-link elementor-size-sm elementor-animation-grow\" href=\"https:\/\/inmaya.qroo.gob.mx\/wp-content\/uploads\/2025\/09\/Aviso-de-privacidad-Integral-2025-dia-nacional-de-la-nina-indigena-maya.pdf\" target=\"_blank\">\n\t\t\t\t\t\t<span class=\"elementor-button-content-wrapper\">\n\t\t\t\t\t\t<span class=\"elementor-button-icon\">\n\t\t\t\t<svg aria-hidden=\"true\" class=\"e-font-icon-svg e-fas-file-pdf\" viewBox=\"0 0 384 512\" xmlns=\"http:\/\/www.w3.org\/2000\/svg\"><path d=\"M181.9 256.1c-5-16-4.9-46.9-2-46.9 8.4 0 7.6 36.9 2 46.9zm-1.7 47.2c-7.7 20.2-17.3 43.3-28.4 62.7 18.3-7 39-17.2 62.9-21.9-12.7-9.6-24.9-23.4-34.5-40.8zM86.1 428.1c0 .8 13.2-5.4 34.9-40.2-6.7 6.3-29.1 24.5-34.9 40.2zM248 160h136v328c0 13.3-10.7 24-24 24H24c-13.3 0-24-10.7-24-24V24C0 10.7 10.7 0 24 0h200v136c0 13.2 10.8 24 24 24zm-8 171.8c-20-12.2-33.3-29-42.7-53.8 4.5-18.5 11.6-46.6 6.2-64.2-4.7-29.4-42.4-26.5-47.8-6.8-5 18.3-.4 44.1 8.1 77-11.6 27.6-28.7 64.6-40.8 85.8-.1 0-.1.1-.2.1-27.1 13.9-73.6 44.5-54.5 68 5.6 6.9 16 10 21.5 10 17.9 0 35.7-18 61.1-61.8 25.8-8.5 54.1-19.1 79-23.2 21.7 11.8 47.1 19.5 64 19.5 29.2 0 31.2-32 19.7-43.4-13.9-13.6-54.3-9.7-73.6-7.2zM377 105L279 7c-4.5-4.5-10.6-7-17-7h-6v128h128v-6.1c0-6.3-2.5-12.4-7-16.9zm-74.1 255.3c4.1-2.7-2.5-11.9-42.8-9 37.1 15.8 42.8 9 42.8 9z\"><\/path><\/svg>\t\t\t<\/span>\n\t\t\t\t\t\t\t\t\t<span class=\"elementor-button-text\">Aviso de privacidad Integral 2025 D\u00eda Nacional de la Ni\u00f1a Ind\u00edgena - Maya<\/span>\n\t\t\t\t\t<\/span>\n\t\t\t\t\t<\/a>\n\t\t\t\t<\/div>\n\t\t\t\t\t\t\t\t<\/div>\n\t\t\t\t<\/div>\n\t\t\t\t\t<\/div>\n\t\t\t\t<\/div>\n\t\t<div class=\"elementor-element elementor-element-0f59a8d e-flex e-con-boxed e-con e-parent\" data-id=\"0f59a8d\" data-element_type=\"container\">\n\t\t\t\t\t<div class=\"e-con-inner\">\n\t\t\t\t<div class=\"elementor-element elementor-element-0231ce3 elementor-widget-divider--view-line elementor-widget elementor-widget-divider\" data-id=\"0231ce3\" data-element_type=\"widget\" data-widget_type=\"divider.default\">\n\t\t\t\t<div class=\"elementor-widget-container\">\n\t\t\t\t\t\t\t<div class=\"elementor-divider\">\n\t\t\t<span class=\"elementor-divider-separator\">\n\t\t\t\t\t\t<\/span>\n\t\t<\/div>\n\t\t\t\t\t\t<\/div>\n\t\t\t\t<\/div>\n\t\t\t\t<div class=\"elementor-element elementor-element-99da40f elementor-widget elementor-widget-heading\" data-id=\"99da40f\" data-element_type=\"widget\" data-widget_type=\"heading.default\">\n\t\t\t\t<div class=\"elementor-widget-container\">\n\t\t\t\t\t<h2 class=\"elementor-heading-title elementor-size-default\">Autorizaci\u00f3n de los padres<\/h2>\t\t\t\t<\/div>\n\t\t\t\t<\/div>\n\t\t\t\t<div class=\"elementor-element elementor-element-853a857 elementor-widget elementor-widget-spacer\" data-id=\"853a857\" data-element_type=\"widget\" data-widget_type=\"spacer.default\">\n\t\t\t\t<div class=\"elementor-widget-container\">\n\t\t\t\t\t\t\t<div class=\"elementor-spacer\">\n\t\t\t<div class=\"elementor-spacer-inner\"><\/div>\n\t\t<\/div>\n\t\t\t\t\t\t<\/div>\n\t\t\t\t<\/div>\n\t\t\t\t<div class=\"elementor-element elementor-element-6c65d13 elementor-button-info elementor-align-justify elementor-widget elementor-widget-button\" data-id=\"6c65d13\" data-element_type=\"widget\" data-widget_type=\"button.default\">\n\t\t\t\t<div class=\"elementor-widget-container\">\n\t\t\t\t\t\t\t\t\t<div class=\"elementor-button-wrapper\">\n\t\t\t\t\t<a class=\"elementor-button elementor-button-link elementor-size-sm elementor-animation-grow\" href=\"https:\/\/inmaya.qroo.gob.mx\/wp-content\/uploads\/2025\/09\/Autorizacion-de-los-padres-2025-Espanol.pdf\" target=\"_blank\">\n\t\t\t\t\t\t<span class=\"elementor-button-content-wrapper\">\n\t\t\t\t\t\t<span class=\"elementor-button-icon\">\n\t\t\t\t<svg aria-hidden=\"true\" class=\"e-font-icon-svg e-fas-file-pdf\" viewBox=\"0 0 384 512\" xmlns=\"http:\/\/www.w3.org\/2000\/svg\"><path d=\"M181.9 256.1c-5-16-4.9-46.9-2-46.9 8.4 0 7.6 36.9 2 46.9zm-1.7 47.2c-7.7 20.2-17.3 43.3-28.4 62.7 18.3-7 39-17.2 62.9-21.9-12.7-9.6-24.9-23.4-34.5-40.8zM86.1 428.1c0 .8 13.2-5.4 34.9-40.2-6.7 6.3-29.1 24.5-34.9 40.2zM248 160h136v328c0 13.3-10.7 24-24 24H24c-13.3 0-24-10.7-24-24V24C0 10.7 10.7 0 24 0h200v136c0 13.2 10.8 24 24 24zm-8 171.8c-20-12.2-33.3-29-42.7-53.8 4.5-18.5 11.6-46.6 6.2-64.2-4.7-29.4-42.4-26.5-47.8-6.8-5 18.3-.4 44.1 8.1 77-11.6 27.6-28.7 64.6-40.8 85.8-.1 0-.1.1-.2.1-27.1 13.9-73.6 44.5-54.5 68 5.6 6.9 16 10 21.5 10 17.9 0 35.7-18 61.1-61.8 25.8-8.5 54.1-19.1 79-23.2 21.7 11.8 47.1 19.5 64 19.5 29.2 0 31.2-32 19.7-43.4-13.9-13.6-54.3-9.7-73.6-7.2zM377 105L279 7c-4.5-4.5-10.6-7-17-7h-6v128h128v-6.1c0-6.3-2.5-12.4-7-16.9zm-74.1 255.3c4.1-2.7-2.5-11.9-42.8-9 37.1 15.8 42.8 9 42.8 9z\"><\/path><\/svg>\t\t\t<\/span>\n\t\t\t\t\t\t\t\t\t<span class=\"elementor-button-text\">Autorizaci\u00f3n de los padres 2025 - Espa\u00f1ol<\/span>\n\t\t\t\t\t<\/span>\n\t\t\t\t\t<\/a>\n\t\t\t\t<\/div>\n\t\t\t\t\t\t\t\t<\/div>\n\t\t\t\t<\/div>\n\t\t\t\t<div class=\"elementor-element elementor-element-968933e elementor-widget elementor-widget-spacer\" data-id=\"968933e\" data-element_type=\"widget\" data-widget_type=\"spacer.default\">\n\t\t\t\t<div class=\"elementor-widget-container\">\n\t\t\t\t\t\t\t<div class=\"elementor-spacer\">\n\t\t\t<div class=\"elementor-spacer-inner\"><\/div>\n\t\t<\/div>\n\t\t\t\t\t\t<\/div>\n\t\t\t\t<\/div>\n\t\t\t\t<div class=\"elementor-element elementor-element-52be533 elementor-button-info elementor-align-justify elementor-widget elementor-widget-button\" data-id=\"52be533\" data-element_type=\"widget\" data-widget_type=\"button.default\">\n\t\t\t\t<div class=\"elementor-widget-container\">\n\t\t\t\t\t\t\t\t\t<div class=\"elementor-button-wrapper\">\n\t\t\t\t\t<a class=\"elementor-button elementor-button-link elementor-size-sm elementor-animation-grow\" href=\"https:\/\/inmaya.qroo.gob.mx\/wp-content\/uploads\/2025\/09\/Autorizacion-de-los-padres-2025-Maya.pdf\" target=\"_blank\">\n\t\t\t\t\t\t<span class=\"elementor-button-content-wrapper\">\n\t\t\t\t\t\t<span class=\"elementor-button-icon\">\n\t\t\t\t<svg aria-hidden=\"true\" class=\"e-font-icon-svg e-fas-file-pdf\" viewBox=\"0 0 384 512\" xmlns=\"http:\/\/www.w3.org\/2000\/svg\"><path d=\"M181.9 256.1c-5-16-4.9-46.9-2-46.9 8.4 0 7.6 36.9 2 46.9zm-1.7 47.2c-7.7 20.2-17.3 43.3-28.4 62.7 18.3-7 39-17.2 62.9-21.9-12.7-9.6-24.9-23.4-34.5-40.8zM86.1 428.1c0 .8 13.2-5.4 34.9-40.2-6.7 6.3-29.1 24.5-34.9 40.2zM248 160h136v328c0 13.3-10.7 24-24 24H24c-13.3 0-24-10.7-24-24V24C0 10.7 10.7 0 24 0h200v136c0 13.2 10.8 24 24 24zm-8 171.8c-20-12.2-33.3-29-42.7-53.8 4.5-18.5 11.6-46.6 6.2-64.2-4.7-29.4-42.4-26.5-47.8-6.8-5 18.3-.4 44.1 8.1 77-11.6 27.6-28.7 64.6-40.8 85.8-.1 0-.1.1-.2.1-27.1 13.9-73.6 44.5-54.5 68 5.6 6.9 16 10 21.5 10 17.9 0 35.7-18 61.1-61.8 25.8-8.5 54.1-19.1 79-23.2 21.7 11.8 47.1 19.5 64 19.5 29.2 0 31.2-32 19.7-43.4-13.9-13.6-54.3-9.7-73.6-7.2zM377 105L279 7c-4.5-4.5-10.6-7-17-7h-6v128h128v-6.1c0-6.3-2.5-12.4-7-16.9zm-74.1 255.3c4.1-2.7-2.5-11.9-42.8-9 37.1 15.8 42.8 9 42.8 9z\"><\/path><\/svg>\t\t\t<\/span>\n\t\t\t\t\t\t\t\t\t<span class=\"elementor-button-text\">Autorizaci\u00f3n de los padres 2025 - Maya<\/span>\n\t\t\t\t\t<\/span>\n\t\t\t\t\t<\/a>\n\t\t\t\t<\/div>\n\t\t\t\t\t\t\t\t<\/div>\n\t\t\t\t<\/div>\n\t\t\t\t\t<\/div>\n\t\t\t\t<\/div>\n\t\t\t\t<\/div>\n\t\t","protected":false},"excerpt":{"rendered":"<p>Convocatoria | Concurso de Poes\u00eda en Conmemoraci\u00f3n al D\u00eda Nacional de la Ni\u00f1a Ind\u00edgena y Afromexicana Convocatoria en Espa\u00f1ol Convocatoria en Maya Aviso de privacidad Integral 2025 Aviso de privacidad Integral 2025 D\u00eda Nacional de la Ni\u00f1a Ind\u00edgena &#8211; Espa\u00f1ol Aviso de privacidad Integral 2025 D\u00eda Nacional de la Ni\u00f1a Ind\u00edgena &#8211; Maya Autorizaci\u00f3n de &#8230; <a title=\"Convocatoria\" class=\"read-more\" href=\"https:\/\/inmaya.qroo.gob.mx\/index.php\/convocatoria\/\" aria-label=\"Leer m\u00e1s sobre Convocatoria\">Leer m\u00e1s<\/a><\/p>\n","protected":false},"author":4,"featured_media":0,"parent":0,"menu_order":0,"comment_status":"closed","ping_status":"closed","template":"","meta":{"footnotes":""},"class_list":["post-36933","page","type-page","status-publish"],"yoast_head":"<!-- This site is optimized with the Yoast SEO plugin v25.3 - https:\/\/yoast.com\/wordpress\/plugins\/seo\/ -->\n<title>Convocatoria - INMAYA<\/title>\n<meta name=\"robots\" content=\"index, follow, max-snippet:-1, max-image-preview:large, max-video-preview:-1\" \/>\n<link rel=\"canonical\" href=\"https:\/\/inmaya.qroo.gob.mx\/index.php\/convocatoria\/\" \/>\n<meta property=\"og:locale\" content=\"es_MX\" \/>\n<meta property=\"og:type\" content=\"article\" \/>\n<meta property=\"og:title\" content=\"Convocatoria - INMAYA\" \/>\n<meta property=\"og:description\" content=\"Convocatoria | Concurso de Poes\u00eda en Conmemoraci\u00f3n al D\u00eda Nacional de la Ni\u00f1a Ind\u00edgena y Afromexicana Convocatoria en Espa\u00f1ol Convocatoria en Maya Aviso de privacidad Integral 2025 Aviso de privacidad Integral 2025 D\u00eda Nacional de la Ni\u00f1a Ind\u00edgena &#8211; Espa\u00f1ol Aviso de privacidad Integral 2025 D\u00eda Nacional de la Ni\u00f1a Ind\u00edgena &#8211; Maya Autorizaci\u00f3n de ... Leer m\u00e1s\" \/>\n<meta property=\"og:url\" content=\"https:\/\/inmaya.qroo.gob.mx\/index.php\/convocatoria\/\" \/>\n<meta property=\"og:site_name\" content=\"INMAYA\" \/>\n<meta property=\"article:modified_time\" content=\"2025-10-03T21:40:33+00:00\" \/>\n<meta property=\"og:image\" content=\"https:\/\/inmaya.qroo.gob.mx\/wp-content\/uploads\/2025\/09\/IMG.png\" \/>\n\t<meta property=\"og:image:width\" content=\"1248\" \/>\n\t<meta property=\"og:image:height\" content=\"832\" \/>\n\t<meta property=\"og:image:type\" content=\"image\/png\" \/>\n<meta name=\"twitter:card\" content=\"summary_large_image\" \/>\n<meta name=\"twitter:label1\" content=\"Tiempo de lectura\" \/>\n\t<meta name=\"twitter:data1\" content=\"1 minuto\" \/>\n<script type=\"application\/ld+json\" class=\"yoast-schema-graph\">{\"@context\":\"https:\/\/schema.org\",\"@graph\":[{\"@type\":\"WebPage\",\"@id\":\"https:\/\/inmaya.qroo.gob.mx\/index.php\/convocatoria\/\",\"url\":\"https:\/\/inmaya.qroo.gob.mx\/index.php\/convocatoria\/\",\"name\":\"Convocatoria - INMAYA\",\"isPartOf\":{\"@id\":\"https:\/\/inmaya.qroo.gob.mx\/#website\"},\"primaryImageOfPage\":{\"@id\":\"https:\/\/inmaya.qroo.gob.mx\/index.php\/convocatoria\/#primaryimage\"},\"image\":{\"@id\":\"https:\/\/inmaya.qroo.gob.mx\/index.php\/convocatoria\/#primaryimage\"},\"thumbnailUrl\":\"https:\/\/inmaya.qroo.gob.mx\/wp-content\/uploads\/2025\/09\/IMG-300x200.png\",\"datePublished\":\"2025-08-04T21:22:48+00:00\",\"dateModified\":\"2025-10-03T21:40:33+00:00\",\"breadcrumb\":{\"@id\":\"https:\/\/inmaya.qroo.gob.mx\/index.php\/convocatoria\/#breadcrumb\"},\"inLanguage\":\"es\",\"potentialAction\":[{\"@type\":\"ReadAction\",\"target\":[\"https:\/\/inmaya.qroo.gob.mx\/index.php\/convocatoria\/\"]}]},{\"@type\":\"ImageObject\",\"inLanguage\":\"es\",\"@id\":\"https:\/\/inmaya.qroo.gob.mx\/index.php\/convocatoria\/#primaryimage\",\"url\":\"https:\/\/inmaya.qroo.gob.mx\/wp-content\/uploads\/2025\/09\/IMG.png\",\"contentUrl\":\"https:\/\/inmaya.qroo.gob.mx\/wp-content\/uploads\/2025\/09\/IMG.png\",\"width\":1248,\"height\":832},{\"@type\":\"BreadcrumbList\",\"@id\":\"https:\/\/inmaya.qroo.gob.mx\/index.php\/convocatoria\/#breadcrumb\",\"itemListElement\":[{\"@type\":\"ListItem\",\"position\":1,\"name\":\"Inicio\",\"item\":\"https:\/\/inmaya.qroo.gob.mx\/\"},{\"@type\":\"ListItem\",\"position\":2,\"name\":\"Convocatoria\"}]},{\"@type\":\"WebSite\",\"@id\":\"https:\/\/inmaya.qroo.gob.mx\/#website\",\"url\":\"https:\/\/inmaya.qroo.gob.mx\/\",\"name\":\"INMAYA\",\"description\":\"Instituto para el Desarrollo del Pueblo Maya y las Comunidades Ind\u00edgenas del Estado de Quintana Roo\",\"publisher\":{\"@id\":\"https:\/\/inmaya.qroo.gob.mx\/#organization\"},\"potentialAction\":[{\"@type\":\"SearchAction\",\"target\":{\"@type\":\"EntryPoint\",\"urlTemplate\":\"https:\/\/inmaya.qroo.gob.mx\/?s={search_term_string}\"},\"query-input\":{\"@type\":\"PropertyValueSpecification\",\"valueRequired\":true,\"valueName\":\"search_term_string\"}}],\"inLanguage\":\"es\"},{\"@type\":\"Organization\",\"@id\":\"https:\/\/inmaya.qroo.gob.mx\/#organization\",\"name\":\"INMAYA\",\"url\":\"https:\/\/inmaya.qroo.gob.mx\/\",\"logo\":{\"@type\":\"ImageObject\",\"inLanguage\":\"es\",\"@id\":\"https:\/\/inmaya.qroo.gob.mx\/#\/schema\/logo\/image\/\",\"url\":\"https:\/\/inmaya.qroo.gob.mx\/wp-content\/uploads\/2024\/03\/logo-de-gobierno.png\",\"contentUrl\":\"https:\/\/inmaya.qroo.gob.mx\/wp-content\/uploads\/2024\/03\/logo-de-gobierno.png\",\"width\":1876,\"height\":596,\"caption\":\"INMAYA\"},\"image\":{\"@id\":\"https:\/\/inmaya.qroo.gob.mx\/#\/schema\/logo\/image\/\"}}]}<\/script>\n<!-- \/ Yoast SEO plugin. -->","yoast_head_json":{"title":"Convocatoria - INMAYA","robots":{"index":"index","follow":"follow","max-snippet":"max-snippet:-1","max-image-preview":"max-image-preview:large","max-video-preview":"max-video-preview:-1"},"canonical":"https:\/\/inmaya.qroo.gob.mx\/index.php\/convocatoria\/","og_locale":"es_MX","og_type":"article","og_title":"Convocatoria - INMAYA","og_description":"Convocatoria | Concurso de Poes\u00eda en Conmemoraci\u00f3n al D\u00eda Nacional de la Ni\u00f1a Ind\u00edgena y Afromexicana Convocatoria en Espa\u00f1ol Convocatoria en Maya Aviso de privacidad Integral 2025 Aviso de privacidad Integral 2025 D\u00eda Nacional de la Ni\u00f1a Ind\u00edgena &#8211; Espa\u00f1ol Aviso de privacidad Integral 2025 D\u00eda Nacional de la Ni\u00f1a Ind\u00edgena &#8211; Maya Autorizaci\u00f3n de ... Leer m\u00e1s","og_url":"https:\/\/inmaya.qroo.gob.mx\/index.php\/convocatoria\/","og_site_name":"INMAYA","article_modified_time":"2025-10-03T21:40:33+00:00","og_image":[{"width":1248,"height":832,"url":"https:\/\/inmaya.qroo.gob.mx\/wp-content\/uploads\/2025\/09\/IMG.png","type":"image\/png"}],"twitter_card":"summary_large_image","twitter_misc":{"Tiempo de lectura":"1 minuto"},"schema":{"@context":"https:\/\/schema.org","@graph":[{"@type":"WebPage","@id":"https:\/\/inmaya.qroo.gob.mx\/index.php\/convocatoria\/","url":"https:\/\/inmaya.qroo.gob.mx\/index.php\/convocatoria\/","name":"Convocatoria - INMAYA","isPartOf":{"@id":"https:\/\/inmaya.qroo.gob.mx\/#website"},"primaryImageOfPage":{"@id":"https:\/\/inmaya.qroo.gob.mx\/index.php\/convocatoria\/#primaryimage"},"image":{"@id":"https:\/\/inmaya.qroo.gob.mx\/index.php\/convocatoria\/#primaryimage"},"thumbnailUrl":"https:\/\/inmaya.qroo.gob.mx\/wp-content\/uploads\/2025\/09\/IMG-300x200.png","datePublished":"2025-08-04T21:22:48+00:00","dateModified":"2025-10-03T21:40:33+00:00","breadcrumb":{"@id":"https:\/\/inmaya.qroo.gob.mx\/index.php\/convocatoria\/#breadcrumb"},"inLanguage":"es","potentialAction":[{"@type":"ReadAction","target":["https:\/\/inmaya.qroo.gob.mx\/index.php\/convocatoria\/"]}]},{"@type":"ImageObject","inLanguage":"es","@id":"https:\/\/inmaya.qroo.gob.mx\/index.php\/convocatoria\/#primaryimage","url":"https:\/\/inmaya.qroo.gob.mx\/wp-content\/uploads\/2025\/09\/IMG.png","contentUrl":"https:\/\/inmaya.qroo.gob.mx\/wp-content\/uploads\/2025\/09\/IMG.png","width":1248,"height":832},{"@type":"BreadcrumbList","@id":"https:\/\/inmaya.qroo.gob.mx\/index.php\/convocatoria\/#breadcrumb","itemListElement":[{"@type":"ListItem","position":1,"name":"Inicio","item":"https:\/\/inmaya.qroo.gob.mx\/"},{"@type":"ListItem","position":2,"name":"Convocatoria"}]},{"@type":"WebSite","@id":"https:\/\/inmaya.qroo.gob.mx\/#website","url":"https:\/\/inmaya.qroo.gob.mx\/","name":"INMAYA","description":"Instituto para el Desarrollo del Pueblo Maya y las Comunidades Ind\u00edgenas del Estado de Quintana Roo","publisher":{"@id":"https:\/\/inmaya.qroo.gob.mx\/#organization"},"potentialAction":[{"@type":"SearchAction","target":{"@type":"EntryPoint","urlTemplate":"https:\/\/inmaya.qroo.gob.mx\/?s={search_term_string}"},"query-input":{"@type":"PropertyValueSpecification","valueRequired":true,"valueName":"search_term_string"}}],"inLanguage":"es"},{"@type":"Organization","@id":"https:\/\/inmaya.qroo.gob.mx\/#organization","name":"INMAYA","url":"https:\/\/inmaya.qroo.gob.mx\/","logo":{"@type":"ImageObject","inLanguage":"es","@id":"https:\/\/inmaya.qroo.gob.mx\/#\/schema\/logo\/image\/","url":"https:\/\/inmaya.qroo.gob.mx\/wp-content\/uploads\/2024\/03\/logo-de-gobierno.png","contentUrl":"https:\/\/inmaya.qroo.gob.mx\/wp-content\/uploads\/2024\/03\/logo-de-gobierno.png","width":1876,"height":596,"caption":"INMAYA"},"image":{"@id":"https:\/\/inmaya.qroo.gob.mx\/#\/schema\/logo\/image\/"}}]}},"_links":{"self":[{"href":"https:\/\/inmaya.qroo.gob.mx\/index.php\/wp-json\/wp\/v2\/pages\/36933","targetHints":{"allow":["GET"]}}],"collection":[{"href":"https:\/\/inmaya.qroo.gob.mx\/index.php\/wp-json\/wp\/v2\/pages"}],"about":[{"href":"https:\/\/inmaya.qroo.gob.mx\/index.php\/wp-json\/wp\/v2\/types\/page"}],"author":[{"embeddable":true,"href":"https:\/\/inmaya.qroo.gob.mx\/index.php\/wp-json\/wp\/v2\/users\/4"}],"replies":[{"embeddable":true,"href":"https:\/\/inmaya.qroo.gob.mx\/index.php\/wp-json\/wp\/v2\/comments?post=36933"}],"version-history":[{"count":16,"href":"https:\/\/inmaya.qroo.gob.mx\/index.php\/wp-json\/wp\/v2\/pages\/36933\/revisions"}],"predecessor-version":[{"id":37078,"href":"https:\/\/inmaya.qroo.gob.mx\/index.php\/wp-json\/wp\/v2\/pages\/36933\/revisions\/37078"}],"wp:attachment":[{"href":"https:\/\/inmaya.qroo.gob.mx\/index.php\/wp-json\/wp\/v2\/media?parent=36933"}],"curies":[{"name":"wp","href":"https:\/\/api.w.org\/{rel}","templated":true}]}}